{"id":132,"date":"2017-03-23T02:07:38","date_gmt":"2017-03-23T01:07:38","guid":{"rendered":"http:\/\/nartu.hd.free.fr\/?page_id=132"},"modified":"2026-04-12T20:09:07","modified_gmt":"2026-04-12T18:09:07","slug":"accueil","status":"publish","type":"page","link":"http:\/\/eijgarros.fr\/","title":{"rendered":"L&rsquo;actualit\u00e9 de l&rsquo;EIJ"},"content":{"rendered":"\n<hr class=\"wp-block-separator has-alpha-channel-opacity\"\/>\n\n\n\n<div class=\"wp-block-media-text is-stacked-on-mobile is-vertically-aligned-top\"><figure class=\"wp-block-media-text__media\"><img loading=\"lazy\" decoding=\"async\" width=\"700\" height=\"990\" src=\"http:\/\/eijgarros.fr\/wp-content\/uploads\/2026\/04\/EIJ-Auditions-2026-v2-700x990.png\" alt=\"\" class=\"wp-image-2308 size-full\" srcset=\"http:\/\/eijgarros.fr\/wp-content\/uploads\/2026\/04\/EIJ-Auditions-2026-v2-700x990.png 700w, http:\/\/eijgarros.fr\/wp-content\/uploads\/2026\/04\/EIJ-Auditions-2026-v2-212x300.png 212w, http:\/\/eijgarros.fr\/wp-content\/uploads\/2026\/04\/EIJ-Auditions-2026-v2-768x1086.png 768w, http:\/\/eijgarros.fr\/wp-content\/uploads\/2026\/04\/EIJ-Auditions-2026-v2-1086x1536.png 1086w, http:\/\/eijgarros.fr\/wp-content\/uploads\/2026\/04\/EIJ-Auditions-2026-v2-1448x2048.png 1448w, http:\/\/eijgarros.fr\/wp-content\/uploads\/2026\/04\/EIJ-Auditions-2026-v2.png 1587w\" sizes=\"auto, (max-width: 700px) 100vw, 700px\" \/><\/figure><div class=\"wp-block-media-text__content\">\n<h2 class=\"wp-block-heading\"><strong>Auditions des classes d\u2019orchestres et chant<\/strong><\/h2>\n\n\n\n<p>Les auditions des classes d\u2019orchestres et chant de l\u2019\u00e9cole se d\u00e9roulent dans l\u2019Atelier de l\u2019EMS. L\u2019entr\u00e9e est libre et gratuite.<\/p>\n\n\n\n<p><strong>Lundi 4 mai, de 19h \u00e0 21h45 \u2013 Audition des classes d\u2019orchestres (1\u00e8re partie)<\/strong><\/p>\n\n\n\n<ul class=\"wp-block-list\">\n<li>19:00 : Atelier Jazz Fusion dirig\u00e9 par\u00a0<strong>Niels Ankersmit<\/strong><\/li>\n\n\n\n<li>19:30 : Atelier Rythmique 1 dirig\u00e9 par\u00a0<strong>Bertrand Couloume<\/strong><\/li>\n\n\n\n<li>20:00 : Ateliers Jazz 1 et 2 dirig\u00e9s par\u00a0<strong>R\u00e9mi Biet<\/strong><\/li>\n\n\n\n<li>20:45 : Big Band de l\u2019EIJ dirig\u00e9 par\u00a0<strong>Fran\u00e7ois Jaeger<\/strong><\/li>\n<\/ul>\n\n\n\n<p><strong>Mardi 5 mai, de 18h30 \u00e0 21h45 \u2013 Audition des classes d\u2019orchestres (2\u00e8me partie)<\/strong><\/p>\n\n\n\n<ul class=\"wp-block-list\">\n<li>18:30 : Orchestre Ados dirig\u00e9 par\u00a0<strong>Sergio Galv\u00e3o<\/strong><\/li>\n\n\n\n<li>19:00 : Orchestre Standards 1 dirig\u00e9 par\u00a0<strong>Sergio Galv\u00e3o<\/strong><\/li>\n\n\n\n<li>19:30 : Orchestre Standards 2 dirig\u00e9 par\u00a0<strong>Sergio Galv\u00e3o<\/strong><\/li>\n\n\n\n<li>20:00 : Orchestre New Orleans dirig\u00e9 par\u00a0<strong>Sergio Galv\u00e3o<\/strong><\/li>\n\n\n\n<li>20:30 : Atelier Rythmique 2 dirig\u00e9 par\u00a0<strong>Lucas Baudon<\/strong><\/li>\n\n\n\n<li>21:00 : Ateliers Jazz Manouche 1 et 2 dirig\u00e9s par\u00a0<strong>Louis Pineau<\/strong><\/li>\n<\/ul>\n\n\n\n<p><strong>Mercredi 6 mai, de 20h \u00e0 21h30 \u2013 Audition des classes de chant<\/strong><\/p>\n\n\n\n<ul class=\"wp-block-list\">\n<li>20:00 : Classe de Chant d\u2019<strong>Am\u00e9lie Payen<\/strong><\/li>\n\n\n\n<li>20:30 : Classe de Chant de\u00a0<strong>C\u00e9cile Charbonnel<\/strong><\/li>\n\n\n\n<li>21:00 : Ensemble Vocal d\u2019<strong>Am\u00e9lie Payen<\/strong><\/li>\n<\/ul>\n\n\n\n<p>Les \u00e9l\u00e8ves de chant sont accompagn\u00e9s par&nbsp;<strong>Laurent Thomassin<\/strong>&nbsp;au piano.<\/p>\n<\/div><\/div>\n\n\n\n<hr class=\"wp-block-separator has-alpha-channel-opacity\"\/>\n\n\n\n<div class=\"wp-block-media-text has-media-on-the-right is-stacked-on-mobile is-vertically-aligned-top\"><div class=\"wp-block-media-text__content\">\n<h2 class=\"wp-block-heading\">Jazz Club de l&rsquo;EIJ<\/h2>\n\n\n\n<h2 class=\"wp-block-heading\">La batterie au c\u0153ur &#8211; Hommage \u00e0 Jean-Marc Dum\u00e9nil<br \/><br \/>Mardi 02 Juin \u00e0 20h30<br \/>Plateau 130<\/h2>\n\n\n\n<div>\n<div><em>\u00ab La batterie est n\u00e9e avec le Jazz, elle s\u2019est d\u00e9velopp\u00e9e gr\u00e2ce aux jazzmen\u2026 La batterie c\u2019est le moteur de l\u2019orchestre \u00bb<\/em>. <strong>Jean-Marc Dum\u00e9nil<\/strong> parlait ainsi de l\u2019instrument qu\u2019il a enseign\u00e9 dans notre \u00e9cole avec tant de passion. Il \u00e9tait un \u00e9l\u00e9ment moteur de l\u2019EIJ.<\/div>\n<div>&nbsp;<\/div>\n<div>Ce jazz-club r\u00e9unissant les professeurs de l\u2019Ecole et des invit\u00e9s est un hommage m\u00eal\u00e9 \u00e0 Jean-Marc et \u00e0 la place pr\u00e9pond\u00e9rante de son instrument : la batterie, dans le jazz !<\/div>\n<\/div>\n<div>&nbsp;<\/div>\n<div>Avec :<br>L\u2019ensemble des musiciens professeurs \u00e0 l\u2019EIJ et des invit\u00e9s<\/div>\n<div>&nbsp;<\/div>\n<div><a href=\"https:\/\/www.billetweb.fr\/hommage-a-jean-marc-dumenil&amp;multi=33996&amp;color=ffcb05&amp;parent=eijgarros&amp;color=ffcb05\">R\u00e9servation en ligne<\/a><\/div>\n\n\n<\/div><figure class=\"wp-block-media-text__media\"><img loading=\"lazy\" decoding=\"async\" width=\"700\" height=\"467\" src=\"http:\/\/eijgarros.fr\/wp-content\/uploads\/2025\/09\/jmd2-700x467.jpg\" alt=\"\" class=\"wp-image-2208 size-full\" srcset=\"http:\/\/eijgarros.fr\/wp-content\/uploads\/2025\/09\/jmd2-700x467.jpg 700w, http:\/\/eijgarros.fr\/wp-content\/uploads\/2025\/09\/jmd2-300x200.jpg 300w, http:\/\/eijgarros.fr\/wp-content\/uploads\/2025\/09\/jmd2-768x512.jpg 768w, http:\/\/eijgarros.fr\/wp-content\/uploads\/2025\/09\/jmd2-1536x1024.jpg 1536w, http:\/\/eijgarros.fr\/wp-content\/uploads\/2025\/09\/jmd2-2048x1365.jpg 2048w\" sizes=\"auto, (max-width: 700px) 100vw, 700px\" \/><\/figure><\/div>\n\n\n\n<hr class=\"wp-block-separator has-alpha-channel-opacity\"\/>\n\n\n\n<h2 class=\"wp-block-heading has-text-align-center\">Retour en images sur les Jazz Clubs<\/h2>\n\n\n<div class=\"wp-block-image\">\n<figure class=\"aligncenter\"><img loading=\"lazy\" decoding=\"async\" width=\"150\" height=\"150\" src=\"http:\/\/eijgarros.fr\/wp-content\/uploads\/2017\/03\/MG_5737_entete-150x150-1.jpg\" alt=\"\" class=\"wp-image-152\"\/><\/figure>\n<\/div>\n\n\n<p class=\"has-text-align-center\"><a href=\"http:\/\/eijgarros.fr\/singlefile\">Voir les photos<\/a><\/p>\n\n\n\n<hr class=\"wp-block-separator has-alpha-channel-opacity\"\/>\n\n\n\n<div id=\"mc_embed_shell\">\n      <link href=\"\/\/cdn-images.mailchimp.com\/embedcode\/classic-061523.css\" rel=\"stylesheet\" type=\"text\/css\">\n  <style type=\"text\/css\">\n        #mc_embed_signup{background:#fff; false;clear:left; font:14px Helvetica,Arial,sans-serif; width: 600px;}\n        \/* Add your own Mailchimp form style overrides in your site stylesheet or in this style block.\n           We recommend moving this block and the preceding CSS link to the HEAD of your HTML file. *\/\n<\/style>\n<div id=\"mc_embed_signup\">\n    <form action=\"https:\/\/eijgarros.us17.list-manage.com\/subscribe\/post?u=35abb5ea8055b14d3c1ecc504&amp;id=1472c6d106&amp;f_id=001a55e0f0\" method=\"post\" id=\"mc-embedded-subscribe-form\" name=\"mc-embedded-subscribe-form\" class=\"validate\" target=\"_blank\">\n        <div id=\"mc_embed_signup_scroll\"><h2>Inscription \u00e0 la Newsletter<\/h2>\n            <div class=\"indicates-required\"><span class=\"asterisk\">*<\/span> indique \u00ab\u00a0obligatoire\u00a0\u00bb<\/div>\n            <div class=\"mc-field-group\"><label for=\"mce-EMAIL\">Email Address <span class=\"asterisk\">*<\/span><\/label><input type=\"email\" name=\"EMAIL\" class=\"required email\" id=\"mce-EMAIL\" required=\"\" value=\"\"><\/div>\n        <div id=\"mce-responses\" class=\"clear foot\">\n            <div class=\"response\" id=\"mce-error-response\" style=\"display: none;\"><\/div>\n            <div class=\"response\" id=\"mce-success-response\" style=\"display: none;\"><\/div>\n        <\/div>\n    <div aria-hidden=\"true\" style=\"position: absolute; left: -5000px;\">\n        \/* real people should not fill this in and expect good things &#8211; do not remove this or risk form bot signups *\/\n        <input type=\"text\" name=\"b_35abb5ea8055b14d3c1ecc504_1472c6d106\" tabindex=\"-1\" value=\"\">\n    <\/div>\n        <div class=\"optionalParent\">\n            <div class=\"clear foot\">\n                <input type=\"submit\" name=\"subscribe\" id=\"mc-embedded-subscribe\" class=\"button\" value=\"Subscribe\">\n                <p style=\"margin: 0px auto;\"><a href=\"http:\/\/eepurl.com\/iLh3jg\" title=\"Avec Mailchimp, les campagnes de marketing par e-mail sont un jeu d'enfant\"><span style=\"display: inline-block; background-color: transparent; border-radius: 4px;\"><img decoding=\"async\" class=\"refferal_badge\" src=\"https:\/\/digitalasset.intuit.com\/render\/content\/dam\/intuit\/mc-fe\/en_us\/images\/intuit-mc-rewards-text-dark.svg\" alt=\"Intuit&nbsp;Mailchimp\" style=\"width: 220px; height: 40px; display: flex; padding: 2px 0px; justify-content: center; align-items: center;\"><\/span><\/a><\/p>\n            <\/div>\n        <\/div>\n    <\/div>\n<\/form>\n<\/div>\n<script type=\"text\/javascript\" src=\"\/\/s3.amazonaws.com\/downloads.mailchimp.com\/js\/mc-validate.js\"><\/script><script type=\"text\/javascript\">(function($) {window.fnames = new Array(); window.ftypes = new Array();fnames[0]='EMAIL';ftypes[0]='email';fnames[1]='FNAME';ftypes[1]='text';fnames[2]='LNAME';ftypes[2]='text';fnames[3]='BIRTHDAY';ftypes[3]='birthday';\/*\n * Translated default messages for the $ validation plugin.\n * Locale: FR\n *\/\n$.extend($.validator.messages, {\n        required: \"Ce champ est requis.\",\n        remote: \"Veuillez remplir ce champ pour continuer.\",\n        email: \"Veuillez entrer une adresse email valide.\",\n        url: \"Veuillez entrer une URL valide.\",\n        date: \"Veuillez entrer une date valide.\",\n        dateISO: \"Veuillez entrer une date valide (ISO).\",\n        number: \"Veuillez entrer un nombre valide.\",\n        digits: \"Veuillez entrer (seulement) une valeur num\u00e9rique.\",\n        creditcard: \"Veuillez entrer un num\u00e9ro de carte de cr\u00e9dit valide.\",\n        equalTo: \"Veuillez entrer une nouvelle fois la m\u00eame valeur.\",\n        accept: \"Veuillez entrer une valeur avec une extension valide.\",\n        maxlength: $.validator.format(\"Veuillez ne pas entrer plus de {0} caract\u00e8res.\"),\n        minlength: $.validator.format(\"Veuillez entrer au moins {0} caract\u00e8res.\"),\n        rangelength: $.validator.format(\"Veuillez entrer entre {0} et {1} caract\u00e8res.\"),\n        range: $.validator.format(\"Veuillez entrer une valeur entre {0} et {1}.\"),\n        max: $.validator.format(\"Veuillez entrer une valeur inf\u00e9rieure ou \u00e9gale \u00e0 {0}.\"),\n        min: $.validator.format(\"Veuillez entrer une valeur sup\u00e9rieure ou \u00e9gale \u00e0 {0}.\")\n});}(jQuery));var $mcj = jQuery.noConflict(true);<\/script><\/div>\n\n\n\n<hr class=\"wp-block-separator has-alpha-channel-opacity\"\/>\n\n\n\n<h1 class=\"wp-block-heading has-text-align-center\">Ev\u00e9nements pass\u00e9s<\/h1>\n\n\n\n<hr class=\"wp-block-separator has-alpha-channel-opacity\"\/>\n\n\n\n<div class=\"wp-block-media-text is-stacked-on-mobile is-vertically-aligned-top\"><figure class=\"wp-block-media-text__media\"><img loading=\"lazy\" decoding=\"async\" width=\"700\" height=\"1005\" src=\"http:\/\/eijgarros.fr\/wp-content\/uploads\/2025\/09\/flyer-preinscription-2025-2026-v2-700x1005.jpg\" alt=\"\" class=\"wp-image-2210 size-full\" srcset=\"http:\/\/eijgarros.fr\/wp-content\/uploads\/2025\/09\/flyer-preinscription-2025-2026-v2-700x1005.jpg 700w, http:\/\/eijgarros.fr\/wp-content\/uploads\/2025\/09\/flyer-preinscription-2025-2026-v2-209x300.jpg 209w, http:\/\/eijgarros.fr\/wp-content\/uploads\/2025\/09\/flyer-preinscription-2025-2026-v2.jpg 761w\" sizes=\"auto, (max-width: 700px) 100vw, 700px\" \/><\/figure><div class=\"wp-block-media-text__content\">\n<h2 class=\"wp-block-heading\">Ouverture des inscriptions pour 2025\/2026 !<\/h2>\n\n\n\n<p><br>Vous souhaitez (re)venir l\u2019ann\u00e9e prochaine ? <\/p>\n\n\n\n<p>Les pr\u00e9inscriptions sont ouvertes et \u00e7a se passe en ligne :<\/p>\n<p style=\"text-align: center;\"><br><strong><a href=\"https:\/\/forms.gle\/kTQSCXeN12HsBK3n6\" target=\"_blank\" rel=\"noreferrer noopener\">Pr\u00e9inscription EIJ 2025\/2026<\/a><\/strong><\/p>\n<p><br>Pour confirmer la pr\u00e9inscription, rendez-vous :<\/p>\n<ul>\n<li>le samedi 6 septembre 2025 \u00e0 l\u2019Espace Marc Sangnier\n<ul>\n<li>le matin pour les anciens \u00e9l\u00e8ves<\/li>\n<li>l\u2019apr\u00e8s-midi pour les nouveaux<\/li>\n<\/ul>\n<\/li>\n<li>ou bien \u00e0 partir du lundi 8 septembre, date de reprise des cours, au bureau de l\u2019EIJ.<\/li>\n<\/ul>\n<\/div><\/div>\n\n\n\n<hr class=\"wp-block-separator has-alpha-channel-opacity\"\/>\n\n\n\n<div class=\"wp-block-media-text has-media-on-the-right is-stacked-on-mobile is-vertically-aligned-top\"><div class=\"wp-block-media-text__content\">\n<h2 class=\"wp-block-heading\">Jazz Club de l&rsquo;EIJ<br><br>Akinroots<br><br>Mardi 07 Octobre \u00e0 20h30<br>Plateau 130<\/h2>\n\n\n\n<p>Refa\u00e7onner \u00e0 leur image et faire d\u00e9couvrir avec fr\u00e9n\u00e9sie l&rsquo;univers du jazz-fusion dans tous ses \u00e9tats est le d\u00e9fi que s\u2019est donn\u00e9 Akinroots.<\/p>\n\n\n\n<p>Ce groupe est compos\u00e9 de trois amis aux origines et influences compl\u00e9mentaires tous issus du CMDL, l\u2019\u00e9cole fran\u00e7aise r\u00e9f\u00e9rente des musiques actuelles et de jazz pour les musiciens professionnels et de plusieurs Conservatoires.<\/p>\n\n\n\n<p>Moderne et contemporain, ce groupe innovateur a su trouver son \u00e9quilibre dans l&rsquo;exploration du jazz, du funk, des rythmes d\u2019Afrique de l\u2019Ouest ou encore de l\u2019\u00e9lectro. Ils nous proposent un v\u00e9ritable voyage sonore \u00e0 travers leurs compositions rafra\u00eechissantes o\u00f9 leurs origines diverses sont mises \u00e0 l\u2019honneur.<\/p>\n\n\n\n<p>Akinroots est un projet empreint de passion, de joie mais surtout de simplicit\u00e9. Un m\u00e9lange de couleurs et de cultures qui ne font qu\u2019un.<\/p>\n\n\n\n<p>Avec :<br><strong>Alexandre Bamba<\/strong> : Basse<br><strong>Louis Le Page<\/strong> : Piano, Claviers<br><strong>Adrien Verger<\/strong> : Batterie<\/p>\n\n\n\n<p><a href=\"https:\/\/www.billetweb.fr\/akinroots3&amp;multi=31694&amp;color=00a5df&amp;parent=1&amp;color=00a5df\">R\u00e9servation en ligne<\/a><\/p>\n\n\n\n<p>&nbsp;<\/p>\n\n\n\n<figure class=\"wp-block-embed is-type-video is-provider-youtube wp-block-embed-youtube wp-embed-aspect-16-9 wp-has-aspect-ratio\"><div class=\"wp-block-embed__wrapper\">\n<iframe loading=\"lazy\" title=\"Akinroots - concert en live au PAVS 2023 - by Yamaha x Son-Vid\u00e9o.com\" width=\"1200\" height=\"675\" src=\"https:\/\/www.youtube.com\/embed\/VBJgfY5uiTg?feature=oembed\" frameborder=\"0\" allow=\"accelerometer; autoplay; clipboard-write; encrypted-media; gyroscope; picture-in-picture; web-share\" referrerpolicy=\"strict-origin-when-cross-origin\" allowfullscreen><\/iframe>\n<\/div><\/figure>\n<\/div><figure class=\"wp-block-media-text__media\"><img loading=\"lazy\" decoding=\"async\" width=\"700\" height=\"417\" src=\"http:\/\/eijgarros.fr\/wp-content\/uploads\/2025\/09\/akinroots02-700x417.png\" alt=\"\" class=\"wp-image-2109 size-full\" srcset=\"http:\/\/eijgarros.fr\/wp-content\/uploads\/2025\/09\/akinroots02-700x417.png 700w, http:\/\/eijgarros.fr\/wp-content\/uploads\/2025\/09\/akinroots02-300x179.png 300w, http:\/\/eijgarros.fr\/wp-content\/uploads\/2025\/09\/akinroots02-768x458.png 768w, http:\/\/eijgarros.fr\/wp-content\/uploads\/2025\/09\/akinroots02.png 956w\" sizes=\"auto, (max-width: 700px) 100vw, 700px\" \/><\/figure><\/div>\n\n\n\n<hr class=\"wp-block-separator has-alpha-channel-opacity\"\/>\n\n\n\n<div class=\"wp-block-media-text is-stacked-on-mobile is-vertically-aligned-top\"><figure class=\"wp-block-media-text__media\"><img loading=\"lazy\" decoding=\"async\" width=\"700\" height=\"700\" src=\"http:\/\/eijgarros.fr\/wp-content\/uploads\/2025\/09\/LAZARUSBOURGEYXNYBERGMICHELUTTI-PICS-700x700.jpg\" alt=\"\" class=\"wp-image-2186 size-full\" srcset=\"http:\/\/eijgarros.fr\/wp-content\/uploads\/2025\/09\/LAZARUSBOURGEYXNYBERGMICHELUTTI-PICS-700x700.jpg 700w, http:\/\/eijgarros.fr\/wp-content\/uploads\/2025\/09\/LAZARUSBOURGEYXNYBERGMICHELUTTI-PICS-300x300.jpg 300w, http:\/\/eijgarros.fr\/wp-content\/uploads\/2025\/09\/LAZARUSBOURGEYXNYBERGMICHELUTTI-PICS-150x150.jpg 150w, http:\/\/eijgarros.fr\/wp-content\/uploads\/2025\/09\/LAZARUSBOURGEYXNYBERGMICHELUTTI-PICS-768x768.jpg 768w, http:\/\/eijgarros.fr\/wp-content\/uploads\/2025\/09\/LAZARUSBOURGEYXNYBERGMICHELUTTI-PICS-1536x1536.jpg 1536w, http:\/\/eijgarros.fr\/wp-content\/uploads\/2025\/09\/LAZARUSBOURGEYXNYBERGMICHELUTTI-PICS-2048x2048.jpg 2048w\" sizes=\"auto, (max-width: 700px) 100vw, 700px\" \/><\/figure><div class=\"wp-block-media-text__content\">\n<h2 class=\"wp-block-heading\">Jazz Club de L&rsquo;EIJ<br><br>Sara Lazarus, Vincent Bourgeyx, Viktor Nyberg, Andrea Michelutti<br><br>Mardi 04 Novembre \u00e0 20h30<br>Plateau 130<\/h2>\n\n\n\n<p>Un quartet international ! Chanteuse am\u00e9ricaine, pianiste fran\u00e7ais, contrebassiste su\u00e9dois, batteur italien, tous ayant \u00e9lu domicile \u00e0 Paris et menant des carri\u00e8res hautes en couleurs en compagnie des plus grands musiciens du moment\u2026 dont ils font partie !<\/p>\n<p>Au sommet de leur art, <strong>Sara Lazarus<\/strong>, laur\u00e9ate du concours international Thelonius Monk, <strong>Vincent Bourgeyx<\/strong>, dipl\u00f4m\u00e9 du Berklee&nbsp;College of Music de Boston, <strong>Viktor Nyberg<\/strong> et <strong>Andrea Michelutti<\/strong>, sidemen de luxe des jazzmen les plus en vue, nous proposent un r\u00e9pertoire plein de classe et de punch, sur le fil du jazz.<\/p>\n<p>Avec&nbsp;:<br><strong>Sara Lazarus<\/strong>&nbsp;: Chant<br><strong>Vincent Bourgeyx<\/strong>&nbsp;: Piano<br><strong>Viktor Nyberg<\/strong> : Contrebasse<br><strong>Andrea Michelutti<\/strong> : Batterie<\/p>\n<p><a href=\"https:\/\/www.billetweb.fr\/sara-lazarus-vincent-bourgeyx-viktor-nyberg-andrea-michelutti&amp;multi=31694&amp;color=00a5df&amp;parent=1&amp;color=00a5df\">R\u00e9servation en ligne<\/a><\/p>\n<\/div><\/div>\n\n\n\n<hr class=\"wp-block-separator has-alpha-channel-opacity\"\/>\n\n\n\n<div class=\"wp-block-media-text has-media-on-the-right is-stacked-on-mobile is-vertically-aligned-top\"><div class=\"wp-block-media-text__content\">\n<h2 class=\"wp-block-heading\">Salon de la musique<br><br>Dimanche 23 novembre<br>de 9h \u00e0 18h<br>Halle aux toiles de Rouen<\/h2>\n<\/div><figure class=\"wp-block-media-text__media\"><img loading=\"lazy\" decoding=\"async\" width=\"564\" height=\"564\" src=\"http:\/\/eijgarros.fr\/wp-content\/uploads\/2025\/11\/salon-musique-2025.jpg\" alt=\"\" class=\"wp-image-2224 size-full\" srcset=\"http:\/\/eijgarros.fr\/wp-content\/uploads\/2025\/11\/salon-musique-2025.jpg 564w, http:\/\/eijgarros.fr\/wp-content\/uploads\/2025\/11\/salon-musique-2025-300x300.jpg 300w, http:\/\/eijgarros.fr\/wp-content\/uploads\/2025\/11\/salon-musique-2025-150x150.jpg 150w\" sizes=\"auto, (max-width: 564px) 100vw, 564px\" \/><\/figure><\/div>\n\n\n\n<hr class=\"wp-block-separator has-alpha-channel-opacity\"\/>\n\n\n\n<div class=\"wp-block-media-text is-stacked-on-mobile is-vertically-aligned-top\"><figure class=\"wp-block-media-text__media\"><img loading=\"lazy\" decoding=\"async\" width=\"585\" height=\"557\" src=\"http:\/\/eijgarros.fr\/wp-content\/uploads\/2025\/09\/fairy-boat.png\" alt=\"\" class=\"wp-image-2193 size-full\" srcset=\"http:\/\/eijgarros.fr\/wp-content\/uploads\/2025\/09\/fairy-boat.png 585w, http:\/\/eijgarros.fr\/wp-content\/uploads\/2025\/09\/fairy-boat-300x286.png 300w\" sizes=\"auto, (max-width: 585px) 100vw, 585px\" \/><\/figure><div class=\"wp-block-media-text__content\">\n<h2 class=\"wp-block-heading\">Jazz Club de l&rsquo;EIJ<br><br>Fairy B.O.A.T. invite Isabelle Payen + Carte blanche aux nouveaux professeurs<br><br>Mardi 02 D\u00e9cembre \u00e0 20h30<br>L&rsquo;Atelier<\/h2>\n\n\n\n<div>\n<div>Le Fairy BOAT Trio navigue volontiers entre standards du jazz, musiques de films et compositions personnelles.<\/div>\n<div>&nbsp;<\/div>\n<div>Magnifi\u00e9 par le groove envo\u00fbtant de l\u2019orgue Hammond, la sensualit\u00e9 du trombone, l\u2019expressivit\u00e9 de l\u2019accordina et la d\u00e9licate \u00e9nergie de la batterie, il vous transportera dans l\u2019univers f\u00e9erique du swing et de l\u2019improvisation.<\/div>\n<div>&nbsp;<\/div>\n<\/div>\n<div>Avec :<\/div>\n<div><strong>Isabelle Payen<\/strong>&nbsp;: Chant<\/div>\n<div><strong>C\u00e9dric Vincent<\/strong>&nbsp;: Batterie<\/div>\n<div><strong>Sylvain Dauriac<\/strong>&nbsp;: Orgue Hammond<\/div>\n<div><strong>Yves Morel<\/strong>&nbsp;: Accordina, Trombone<\/div>\n<div>&nbsp;<\/div>\n<div>Suivi de la Carte Blanche aux nouveaux professeurs<\/div>\n<div>&nbsp;<\/div>\n<div>Pour compl\u00e9ter la soir\u00e9e en beaut\u00e9,&nbsp;<strong>Am\u00e9lie PAYEN<\/strong>,&nbsp;<strong>Martin VIVIEN<\/strong>&nbsp;et&nbsp;<strong>Lucas BAUDON<\/strong>&nbsp;nous ont concoct\u00e9 un programme plein de surprises pour la traditionnelle et tr\u00e8s attendue \u2018Carte Blanche aux nouveaux professeurs de l\u2019EIJ\u2019.<\/div>\n<div>&nbsp;<\/div>\n<div>Avec :<\/div>\n<div><strong>Am\u00e9lie Payen<\/strong>&nbsp;: Chant<\/div>\n<div><strong>Lucas Baudon<\/strong>&nbsp;: Contrebasse<br><strong>Martin Vivien<\/strong>&nbsp;: Guitare<br><strong>Laurent Thomassin<\/strong>&nbsp;: Piano<\/div>\n<div><strong>C\u00e9dric Vincent<\/strong>&nbsp;: Batterie<\/div>\n<div>&nbsp;<\/div>\n<div><a href=\"https:\/\/www.billetweb.fr\/fairy-b-o-a-t-carte-blanche-aux-nouveaux-professeurs&amp;multi=31694&amp;color=00a5df&amp;parent=1&amp;color=00a5df\">R\u00e9servation en ligne<\/a><\/div>\n\n\n\n<figure class=\"wp-block-embed is-type-video is-provider-youtube wp-block-embed-youtube wp-embed-aspect-16-9 wp-has-aspect-ratio\"><div class=\"wp-block-embed__wrapper\">\n<iframe loading=\"lazy\" title=\"Isabelle Payen et Fairy Boat Trio\" width=\"1200\" height=\"675\" src=\"https:\/\/www.youtube.com\/embed\/cCTfYQcBv2g?feature=oembed\" frameborder=\"0\" allow=\"accelerometer; autoplay; clipboard-write; encrypted-media; gyroscope; picture-in-picture; web-share\" referrerpolicy=\"strict-origin-when-cross-origin\" allowfullscreen><\/iframe>\n<\/div><\/figure>\n<\/div><\/div>\n\n\n\n<hr class=\"wp-block-separator has-alpha-channel-opacity\"\/>\n\n\n\n<div class=\"wp-block-media-text has-media-on-the-right is-stacked-on-mobile is-vertically-aligned-top\"><div class=\"wp-block-media-text__content\">\n<h1 class=\"wp-block-heading\">Concert Orchiday&rsquo;s<\/h1>\n\n\n\n<h2 class=\"wp-block-heading\">Vendredi 30 Janvier \u00e0 19h<br><br>Jardinerie Truffaut<br>Isneauville<\/h2>\n\n\n\n<p>Avec :<br><strong>Isabelle Payen<\/strong> : Chant<br><strong>Pascal F\u00e9r\u00e9ol<\/strong> : Piano<br><strong>Jean-Marie Mabille<\/strong> : Banjo<br><strong>V\u00e9ronique Feeny-F\u00e9r\u00e9ol<\/strong> : Batterie<br><strong>Antoine Carment<\/strong> : Trompette<br><strong>Guillaume Lemaire<\/strong> : Sax t\u00e9nor<br><strong>Jacques Simonet<\/strong> : Contrebasse<\/p>\n<\/div><figure class=\"wp-block-media-text__media\"><img loading=\"lazy\" decoding=\"async\" width=\"700\" height=\"1050\" src=\"http:\/\/eijgarros.fr\/wp-content\/uploads\/2026\/01\/orchidays-700x1050.png\" alt=\"\" class=\"wp-image-2273 size-full\" srcset=\"http:\/\/eijgarros.fr\/wp-content\/uploads\/2026\/01\/orchidays-700x1050.png 700w, http:\/\/eijgarros.fr\/wp-content\/uploads\/2026\/01\/orchidays-200x300.png 200w, http:\/\/eijgarros.fr\/wp-content\/uploads\/2026\/01\/orchidays-768x1152.png 768w, http:\/\/eijgarros.fr\/wp-content\/uploads\/2026\/01\/orchidays-1024x1536.png 1024w, http:\/\/eijgarros.fr\/wp-content\/uploads\/2026\/01\/orchidays.png 1333w\" sizes=\"auto, (max-width: 700px) 100vw, 700px\" \/><\/figure><\/div>\n\n\n\n<hr class=\"wp-block-separator has-alpha-channel-opacity\"\/>\n\n\n\n<div class=\"wp-block-media-text is-stacked-on-mobile is-vertically-aligned-top\"><figure class=\"wp-block-media-text__media\"><img loading=\"lazy\" decoding=\"async\" width=\"450\" height=\"421\" src=\"http:\/\/eijgarros.fr\/wp-content\/uploads\/2025\/09\/texaco01.jpg\" alt=\"\" class=\"wp-image-2196 size-full\" srcset=\"http:\/\/eijgarros.fr\/wp-content\/uploads\/2025\/09\/texaco01.jpg 450w, http:\/\/eijgarros.fr\/wp-content\/uploads\/2025\/09\/texaco01-300x281.jpg 300w\" sizes=\"auto, (max-width: 450px) 100vw, 450px\" \/><\/figure><div class=\"wp-block-media-text__content\">\n<h2 class=\"wp-block-heading\">Jazz Club de l&rsquo;EIJ<br><br>Texaco : Around the Blues<br><br>Mardi 03 F\u00e9vrier \u00e0 20h30<br>Plateau 130<\/h2>\n\n\n\n<div>Quand le Blues rencontre l\u2019essence du Rock et la libert\u00e9 du Jazz, \u00e7a donne Texaco. Une fusion \u00e9lectrisante entre tradition et modernit\u00e9, port\u00e9e par des musiciens hors pair avec une \u00e9nergie et une complicit\u00e9 incomparables.<\/div>\n<div>&nbsp;<\/div>\n<div>Texaco, c\u2019est un voyage musical, un cocktail explosif de compositions vibrantes et originales.<\/div>\n<div>&nbsp;<\/div>\n<div>&gt; Texaco sur&nbsp;<a href=\"https:\/\/www.facebook.com\/TexacoAroundTheBlues\/\" target=\"_blank\" rel=\"noopener noreferrer\">Facebook<\/a>&nbsp;et&nbsp;<a href=\"https:\/\/www.instagram.com\/texaco_aroundtheblues\" target=\"_blank\" rel=\"noopener noreferrer\">Instagram<\/a><\/div>\n<div>&nbsp;<\/div>\n<div>Avec :<\/div>\n<div><strong>Jean-Baptiste Gaudray<\/strong> : Guitare<\/div>\n<div><strong>Yves Martinez<\/strong> : Chant, Basse, Harmonica<\/div>\n<div><strong>Laurent Meyer<\/strong> : Sax t\u00e9nor et soprano<\/div>\n<div><strong>Marc Rodrigues<\/strong> : Batterie<\/div>\n<div>&nbsp;<\/div>\n<div><a href=\"https:\/\/www.billetweb.fr\/texaco&amp;multi=31694&amp;color=00a5df&amp;parent=1&amp;color=00a5df\">R\u00e9servation en ligne<\/a><\/div>\n\n\n\n<figure class=\"wp-block-embed is-type-video is-provider-youtube wp-block-embed-youtube wp-embed-aspect-16-9 wp-has-aspect-ratio\"><div class=\"wp-block-embed__wrapper\">\n<iframe loading=\"lazy\" title=\"Texaco : Around the Blues - Concert le 03\/02\/2026 \u00e0 l&#039;EIJ !\" width=\"1200\" height=\"675\" src=\"https:\/\/www.youtube.com\/embed\/gxjPzOfd7fE?feature=oembed\" frameborder=\"0\" allow=\"accelerometer; autoplay; clipboard-write; encrypted-media; gyroscope; picture-in-picture; web-share\" referrerpolicy=\"strict-origin-when-cross-origin\" allowfullscreen><\/iframe>\n<\/div><\/figure>\n<\/div><\/div>\n\n\n\n<hr class=\"wp-block-separator has-alpha-channel-opacity\"\/>\n\n\n\n<div class=\"wp-block-media-text is-stacked-on-mobile is-vertically-aligned-top\"><figure class=\"wp-block-media-text__media\"><img loading=\"lazy\" decoding=\"async\" width=\"666\" height=\"888\" src=\"http:\/\/eijgarros.fr\/wp-content\/uploads\/2026\/02\/JIM-2026.jpg\" alt=\"\" class=\"wp-image-2287 size-full\" srcset=\"http:\/\/eijgarros.fr\/wp-content\/uploads\/2026\/02\/JIM-2026.jpg 666w, http:\/\/eijgarros.fr\/wp-content\/uploads\/2026\/02\/JIM-2026-225x300.jpg 225w\" sizes=\"auto, (max-width: 666px) 100vw, 666px\" \/><\/figure><div class=\"wp-block-media-text__content\">\n<h2 class=\"wp-block-heading\">Conf\u00e9rence et Jam Session<\/h2>\n\n\n\n<h2 class=\"wp-block-heading\">Mardi 3 Mars \u00e0 18h<\/h2>\n\n\n\n<h2 class=\"wp-block-heading\">Restaurant La Cantina (Bois-Guillaume)<\/h2>\n\n\n\n<p>Nous sommes \u00e0 nouveau partenaires du&nbsp;<a href=\"https:\/\/eijgarros.us17.list-manage.com\/track\/click?u=35abb5ea8055b14d3c1ecc504&amp;id=835ea381f5&amp;e=c5c2e88c8d\" target=\"_blank\" rel=\"noreferrer noopener\">festival<\/a>&nbsp;et vous donnons rendez-vous mardi prochain (03\/03) \u00e0 partir de 18h au restaurant&nbsp;<a href=\"https:\/\/eijgarros.us17.list-manage.com\/track\/click?u=35abb5ea8055b14d3c1ecc504&amp;id=f7e7c39404&amp;e=c5c2e88c8d\" target=\"_blank\" rel=\"noreferrer noopener\"><strong>La Cantina<\/strong><\/a>&nbsp;pour la conf\u00e9rence&nbsp;<em>L\u2019improvisation dans le jazz : mythe ou r\u00e9alit\u00e9 ?<\/em>&nbsp;anim\u00e9e par&nbsp;<strong>R\u00e9mi Biet<\/strong>.<\/p>\n\n\n\n<p>La conf\u00e9rence sera suivie d&rsquo;une&nbsp;<strong>Jam Session<\/strong>&nbsp;ouverte \u00e0 tous les musiciens amateurs. Venez avec vos instruments (batterie, piano, contrebasse et micros seront \u00e0 disposition sur place) et rejoignez-nous sur sc\u00e8ne !<\/p>\n\n\n\n<p>Si vous souhaitez recevoir des grilles de morceaux pour vous pr\u00e9parer, vous pouvez les demander par mail \u00e0 :&nbsp;<a href=\"mailto:eij@free.fr\" target=\"_blank\" rel=\"noreferrer noopener\">eij@free.fr<\/a><\/p>\n\n\n\n<p><em>Entr\u00e9e libre et gratuite, consommation sur place conseill\u00e9e<\/em><\/p>\n<\/div><\/div>\n\n\n\n<hr class=\"wp-block-separator has-alpha-channel-opacity\"\/>\n\n\n\n<div class=\"wp-block-media-text has-media-on-the-right is-stacked-on-mobile is-vertically-aligned-top\"><div class=\"wp-block-media-text__content\">\n<h2 class=\"wp-block-heading\">Stages d&rsquo;Improvisation Vocale<\/h2>\n\n\n\n<h2 class=\"wp-block-heading\">Samedi 14 Mars de 14h \u00e0 17h<br>Espace Marc Sangnier<\/h2>\n\n\n\n<div>C&rsquo;est reparti pour un tour, cette ann\u00e9e nous vous proposons 6 stages r\u00e9partis sur la saison, anim\u00e9s par Isabelle ou Am\u00e9lie Payen.<\/div>\n<div>&nbsp;<\/div>\n<div>Au programme de ces stages :<\/div>\n<ul>\n<li>Exercices et jeux bas\u00e9s sur l&rsquo;improvisation vocale, abordant les notions de respiration, de vibrations sonores, d&rsquo;intensit\u00e9, d&rsquo;\u00e9nergie, de rythme et d&rsquo;interpr\u00e9tation.<\/li>\n<li>En solo ou \u00e0 plusieurs voix<\/li>\n<li>Chansons des r\u00e9pertoires jazz et bossa nova<\/li>\n<\/ul>\n<div>Animation&nbsp;:<\/div>\n<ul>\n<li>Isabelle Payen, pour les 3 premiers stages<\/li>\n<li>Am\u00e9lie Payen, pour les 3 suivants<\/li>\n<\/ul>\n<div>Ces stages s&rsquo;adressent \u00e0 tout le monde, quel que soit le niveau de chant. Il n&rsquo;y a pas de progression sur l&rsquo;ann\u00e9e, les stages sont ind\u00e9pendants les uns des autres.<\/div>\n<div>&nbsp;<\/div>\n<div style=\"text-align: center;\">Dates :<br>Les samedis de 14h \u00e0 17h<br>11 Octobre, 15 Novembre, 13 D\u00e9cembre<br>10 Janvier, 7 F\u00e9vrier, 14 Mars<br><br><\/div>\n<div>&nbsp;<\/div>\n<div>Tarifs : 35 \u20ac \/stage (25 \u20ac pour les \u00e9l\u00e8ves de l&rsquo;EIJ)<\/div>\n<div>&nbsp;<\/div>\n<div><a href=\"https:\/\/www.billetweb.fr\/atelier-impro-vocale-eij-2025-2026\">R\u00e9servation en ligne<\/a><\/div>\n<\/div><figure class=\"wp-block-media-text__media\"><img loading=\"lazy\" decoding=\"async\" width=\"700\" height=\"1011\" src=\"http:\/\/eijgarros.fr\/wp-content\/uploads\/2025\/09\/stages-impro-vocale-2025-2026-V4-700x1011.png\" alt=\"\" class=\"wp-image-2178 size-full\" srcset=\"http:\/\/eijgarros.fr\/wp-content\/uploads\/2025\/09\/stages-impro-vocale-2025-2026-V4-700x1011.png 700w, http:\/\/eijgarros.fr\/wp-content\/uploads\/2025\/09\/stages-impro-vocale-2025-2026-V4-208x300.png 208w, http:\/\/eijgarros.fr\/wp-content\/uploads\/2025\/09\/stages-impro-vocale-2025-2026-V4.png 720w\" sizes=\"auto, (max-width: 700px) 100vw, 700px\" \/><\/figure><\/div>\n\n\n\n<hr class=\"wp-block-separator has-alpha-channel-opacity\"\/>\n\n\n\n<div class=\"wp-block-media-text has-media-on-the-right is-stacked-on-mobile is-vertically-aligned-top\"><div class=\"wp-block-media-text__content\">\n<h2 class=\"wp-block-heading\">Dixie Fellows invite Adrian Delmer + Bal Swing<br><br>Mardi 24 Mars \u00e0 20h30<br>L&rsquo;Atelier<\/h2>\n\n\n\n\n\n<div>\n<div>\n<div>Un r\u00e9pertoire tr\u00e8s orient\u00e9 Chicago Jazz (ann\u00e9es 1920-1930) pour ce concert des&nbsp;<a href=\"https:\/\/dixiefellows.e-monsite.com\/\" target=\"_blank\" rel=\"noopener noreferrer\">Dixie Fellows<\/a>, qui f\u00eateront bient\u00f4t leurs 60 ans d\u2019existence, avec un invit\u00e9 exceptionnel en la personne du violoniste et chanteur californien Adrian Delmer.<\/div>\n<div>&nbsp;<\/div>\n<div>Avec aussi \u00c9l\u00e9onore Bella et Camille Saint-Martin, qui se produiront en duo puis entra\u00eeneront dans leur sillage leur classe de danse de l\u2019EIJ.<\/div>\n<div>&nbsp;<\/div>\n<div>La soir\u00e9e se terminera par un bal ouvert \u00e0 tous les danseurs Swing et Lindy Hop souhaitant participer \u00e0 la f\u00eate !<\/div>\n<div>&nbsp;<\/div>\n<div><strong>\/!\\ Pour que les danseurs aient de l&rsquo;espace, l&rsquo;Atelier sera en configuration d\u00e9bout avec peu de places assises \/!\\<\/strong><\/div>\n<div>&nbsp;<\/div>\n<\/div>\n<div>Avec :<\/div>\n<div>\n<div><strong>Th\u00e9o Delloue<\/strong> : Trompette<\/div>\n<div><strong>Fr\u00e9d\u00e9ric Ooghe<\/strong> : Clarinette, Saxophones<\/div>\n<div><strong>Lo\u00efc Seron<\/strong> : Trombone, Chant<\/div>\n<div><strong>Louis Pineau<\/strong> : Banjo<\/div>\n<div><strong>\u00c9ric Simon<\/strong> : Soubassophone<\/div>\n<div><strong>G\u00e9rard Delloue<\/strong> : Planche \u00e0 laver<\/div>\n<div>&nbsp;<\/div>\n<div>Invit\u00e9 exceptionnel :<\/div>\n<div><strong>Adrian Delmer<\/strong> : Violon, Chant<\/div>\n<div>&nbsp;<\/div>\n<div>Et les danseurs&nbsp;<strong>\u00c9l\u00e9onore Bella<\/strong> et <strong>Camille Saint-Martin<\/strong><\/div>\n<div>&nbsp;<\/div>\n<div><a href=\"https:\/\/www.billetweb.fr\/dixie-fellows-invite-adrian-delmer-bal-swing&amp;multi=31694&amp;color=00a5df&amp;parent=1&amp;color=00a5df\">R\u00e9servation en ligne<\/a><\/div>\n<\/div>\n<\/div>\n<\/div><figure class=\"wp-block-media-text__media\"><img loading=\"lazy\" decoding=\"async\" width=\"700\" height=\"700\" src=\"http:\/\/eijgarros.fr\/wp-content\/uploads\/2025\/09\/thumbnail_VISUEL-EIJ-MARS-2026-dixie-fellows-700x700.jpg\" alt=\"\" class=\"wp-image-2203 size-full\" srcset=\"http:\/\/eijgarros.fr\/wp-content\/uploads\/2025\/09\/thumbnail_VISUEL-EIJ-MARS-2026-dixie-fellows-700x700.jpg 700w, http:\/\/eijgarros.fr\/wp-content\/uploads\/2025\/09\/thumbnail_VISUEL-EIJ-MARS-2026-dixie-fellows-300x300.jpg 300w, http:\/\/eijgarros.fr\/wp-content\/uploads\/2025\/09\/thumbnail_VISUEL-EIJ-MARS-2026-dixie-fellows-150x150.jpg 150w, http:\/\/eijgarros.fr\/wp-content\/uploads\/2025\/09\/thumbnail_VISUEL-EIJ-MARS-2026-dixie-fellows-768x768.jpg 768w, http:\/\/eijgarros.fr\/wp-content\/uploads\/2025\/09\/thumbnail_VISUEL-EIJ-MARS-2026-dixie-fellows-1536x1536.jpg 1536w, http:\/\/eijgarros.fr\/wp-content\/uploads\/2025\/09\/thumbnail_VISUEL-EIJ-MARS-2026-dixie-fellows.jpg 1920w\" sizes=\"auto, (max-width: 700px) 100vw, 700px\" \/><\/figure><\/div>\n\n\n\n<hr class=\"wp-block-separator has-alpha-channel-opacity\"\/>\n\n\n\n<div class=\"wp-block-media-text is-stacked-on-mobile is-vertically-aligned-top\"><figure class=\"wp-block-media-text__media\"><img loading=\"lazy\" decoding=\"async\" width=\"480\" height=\"720\" src=\"http:\/\/eijgarros.fr\/wp-content\/uploads\/2023\/09\/eleonore-camille-HR-V2.jpg\" alt=\"\" class=\"wp-image-1512 size-full\" srcset=\"http:\/\/eijgarros.fr\/wp-content\/uploads\/2023\/09\/eleonore-camille-HR-V2.jpg 480w, http:\/\/eijgarros.fr\/wp-content\/uploads\/2023\/09\/eleonore-camille-HR-V2-200x300.jpg 200w\" sizes=\"auto, (max-width: 480px) 100vw, 480px\" \/><\/figure><div class=\"wp-block-media-text__content\">\n<h2 class=\"wp-block-heading\">Stages de Danse Lindy Hop<br><br>Samedi 28 Mars de 14h \u00e0 17h<br>Espace Marc Sangnier<\/h2>\n\n\n\n\n\n<p>Venez d\u00e9couvrir le Lindy Hop (plus commun\u00e9ment appel\u00e9 Swing), danse des ann\u00e9es 1920-30, anc\u00eatre du Rock. Nos deux professeurs de l&rsquo;EIJ vous proposeront une immersion dans cette culture joviale !<\/p>\n\n\n\n<p>Un programme de 3h pour s&rsquo;initier : deux cours de 1h20 avec une pause de 20 minutes entre les deux (pour une petite collation offerte par l&rsquo;EIJ). Un bon programme pour se rencontrer, danser, profiter et rigoler au rythme des musiques Swing !<\/p>\n\n\n\n<p>Vous pouvez vous inscrire seul.e ou accompagn\u00e9.e.<\/p>\n\n\n\n<p>Ces stages s&rsquo;adressent aux d\u00e9butant.e.s, et \u00e0 celles et ceux qui souhaitent consolider leurs bases. Ils se d\u00e9rouleront les samedis 07\/02\/2026, 21\/03\/2026 et 28\/03\/2026, de 14h \u00e0 17h, \u00e0 l&rsquo;Espace Marc Sangnier<\/p>\n\n\n\n<p><a href=\"https:\/\/www.billetweb.fr\/stages-de-danse-lindy-hop\">R\u00e9servation en ligne<\/a>&nbsp;<\/p>\n\n\n\n<figure class=\"wp-block-embed is-type-video is-provider-youtube wp-block-embed-youtube wp-embed-aspect-4-3 wp-has-aspect-ratio\"><div class=\"wp-block-embed__wrapper\">\n<iframe loading=\"lazy\" title=\"The Big Apple \/ Keep Punching (1939) in full color | Colorized with DeOldify\" width=\"1200\" height=\"900\" src=\"https:\/\/www.youtube.com\/embed\/H1K5M5xluZs?list=PLN_ftsg80KJgp2mxvu8XWhG1PfsmFURMK\" frameborder=\"0\" allow=\"accelerometer; autoplay; clipboard-write; encrypted-media; gyroscope; picture-in-picture; web-share\" referrerpolicy=\"strict-origin-when-cross-origin\" allowfullscreen><\/iframe>\n<\/div><\/figure>\n<\/div><\/div>\n","protected":false},"excerpt":{"rendered":"<p>Retour en images sur les Jazz Clubs Voir les photos Inscription \u00e0 la Newsletter * indique \u00ab\u00a0obligatoire\u00a0\u00bb Email Address * \/* real people should not fill this in and expect good things &#8211; do not remove this or risk form bot signups *\/ Ev\u00e9nements pass\u00e9s [&hellip;]<\/p>\n","protected":false},"author":1,"featured_media":0,"parent":0,"menu_order":0,"comment_status":"closed","ping_status":"closed","template":"","meta":{"footnotes":""},"class_list":["post-132","page","type-page","status-publish","hentry"],"_links":{"self":[{"href":"http:\/\/eijgarros.fr\/index.php?rest_route=\/wp\/v2\/pages\/132","targetHints":{"allow":["GET"]}}],"collection":[{"href":"http:\/\/eijgarros.fr\/index.php?rest_route=\/wp\/v2\/pages"}],"about":[{"href":"http:\/\/eijgarros.fr\/index.php?rest_route=\/wp\/v2\/types\/page"}],"author":[{"embeddable":true,"href":"http:\/\/eijgarros.fr\/index.php?rest_route=\/wp\/v2\/users\/1"}],"replies":[{"embeddable":true,"href":"http:\/\/eijgarros.fr\/index.php?rest_route=%2Fwp%2Fv2%2Fcomments&post=132"}],"version-history":[{"count":389,"href":"http:\/\/eijgarros.fr\/index.php?rest_route=\/wp\/v2\/pages\/132\/revisions"}],"predecessor-version":[{"id":2314,"href":"http:\/\/eijgarros.fr\/index.php?rest_route=\/wp\/v2\/pages\/132\/revisions\/2314"}],"wp:attachment":[{"href":"http:\/\/eijgarros.fr\/index.php?rest_route=%2Fwp%2Fv2%2Fmedia&parent=132"}],"curies":[{"name":"wp","href":"https:\/\/api.w.org\/{rel}","templated":true}]}}